{"id":35,"date":"2008-12-23T11:50:12","date_gmt":"2008-12-23T14:50:12","guid":{"rendered":"http:\/\/www.zocalo.cl\/brujita\/?page_id=35"},"modified":"2025-02-27T20:36:37","modified_gmt":"2025-02-28T00:36:37","slug":"quien-soy","status":"publish","type":"page","link":"https:\/\/zocalo.cl\/enamoralaverdad\/quien-soy\/","title":{"rendered":"Qui\u00e9n soy"},"content":{"rendered":"\n<figure class=\"wp-block-image size-full is-resized\"><img loading=\"lazy\" decoding=\"async\" width=\"720\" height=\"860\" src=\"https:\/\/zocalo.cl\/enamoralaverdad\/wp-content\/uploads\/2023\/12\/feria.jpg\" alt=\"\" class=\"wp-image-4930\" style=\"width:264px;height:auto\" srcset=\"https:\/\/zocalo.cl\/enamoralaverdad\/wp-content\/uploads\/2023\/12\/feria.jpg 720w, https:\/\/zocalo.cl\/enamoralaverdad\/wp-content\/uploads\/2023\/12\/feria-251x300.jpg 251w\" sizes=\"auto, (max-width: 720px) 100vw, 720px\" \/><\/figure>\n\n\n<p>Mi nombre es Ver\u00f3nica Guajardo Rives. Desde peque\u00f1a que he sentido una curiosidad e inclinaci\u00f3n natural hacia el desarrollo y despertar de la conciencia y hacia los animales no humanos.<\/p>\n<p>He recorrido un largo camino de m\u00e1s de 30 a\u00f1os, desde que un libro para calcular cartas astrales me borr\u00f3 las certezas cient\u00edficas de un plumazo.<\/p>\n<p>Mi profesi\u00f3n es dise\u00f1adora por universidad y brujita\/chamana\/sanadora\/vidente por estudios, diversi\u00f3n, elecci\u00f3n, pr\u00e1ctica y mucho amor a la humanidad. El nick Brujita lo us\u00e9 por tres d\u00e9cadas, y viene desde mis inicios en el tarot, hace m\u00e1s de 30 a\u00f1os; fue un apodo cari\u00f1oso de mi familia extendida, que me alent\u00f3 a continuar en este camino. Pero ya lleg\u00f3 el tiempo de dejarlo ir.<\/p>\n<p>Llevo a\u00f1os de cursos de sanaci\u00f3n, clarividencia, meditaci\u00f3n. Empec\u00e9 con la astrolog\u00eda el a\u00f1o 88, el tarot por ah\u00ed por el a\u00f1o 90; luego sigui\u00f3 el aprendizaje de otros or\u00e1culos: runas, quiromancia. Aprend\u00ed mucho sobre chamanismo mexicano y lo practiqu\u00e9 por a\u00f1os. Las <a href=\"https:\/\/zocalo.cl\/enamoralaverdad\/sanaciones\/\" target=\"_blank\" rel=\"noopener noreferrer\">sanaciones <\/a>llegaron a mi vida el 2004 y las <a href=\"https:\/\/zocalo.cl\/enamoralaverdad\/flores-de-bach\/\" target=\"_blank\" rel=\"noopener noreferrer\">flores de Bach<\/a> el 2007. Empec\u00e9 a atender formalmente en abril del 2006.<\/p>\n<p>Soy vidente por naturaleza y tengo entrenamiento formal en el uso de esta habilidad: estuve 4 a\u00f1os con Harold Moskowitz. Con \u00e9l aprend\u00ed a leer vidas pasadas, registros ak\u00e1shicos, a limpiar acuerdos de estas y otras vidas, a reconocer energ\u00edas de otras personas y comunicaci\u00f3n interespecies.<br \/>Luego aprend\u00ed la t\u00e9cnica meditativa Sat Nam Rasayan, con Ravi Kaur,&nbsp; Guru Dev y Ambrosio Espinosa. Con \u00e9ste \u00faltimo hice 7 cursos. Y a fines del 2018 di examen por la certificaci\u00f3n internacional.<br \/>Mi otra escuela es el maestro de la l\u00ednea zen: Adyashanti. Con \u00e9l he trabajado la autoconciencia, la no dualidad, el llegar a la verdad \u00faltima.<\/p>\n<p>Hace unos a\u00f1os empec\u00e9 a estudiar constelaciones familiares y ancestrolog\u00eda. Toda esta informaci\u00f3n complement\u00f3 lo que ya sab\u00eda y ven\u00eda observando en pacientes. Hoy en d\u00eda diagnostico leyendo el aura del paciente, mientras conversamos de su problema. Cada d\u00eda me sorprende m\u00e1s toda la energ\u00eda e instrucciones familiares que tenemos en la conciencia. Y la sanaci\u00f3n en s\u00ed la hago con la t\u00e9cnica meditativa, con la persona acostada. Voy integrando todo lo aprendido, para aplicarlo en la terapia.<\/p>\n<p>Con la <a href=\"https:\/\/zocalo.cl\/enamoralaverdad\/meditando-en-el-dia-a-dia\/\">pr\u00e1ctica meditativa <\/a>-que me lleg\u00f3 hace 9 a\u00f1os- he ido domesticando mi personalidad guerrera. La calma y la paz interna han ido llegando de la mano de la pr\u00e1ctica sostenida de la meditaci\u00f3n, tanto en las terapias que hago, como en mi vida cotidiana.<\/p>\n<p>El 2019 se sum\u00f3 mi llegada al budismo tibetano de la mano de Younge Khachab Rinpoche,&nbsp; y la toma de refugio. Me di cuenta entonces que llevo el budismo en el alma desde mi nacimiento.<\/p>\n<p>Cada cierto tiempo hago <a href=\"https:\/\/zocalo.cl\/enamoralaverdad\/talleres\/taller-de-meditacion\/\">talleres de meditaci\u00f3n,<\/a> <a href=\"https:\/\/zocalo.cl\/enamoralaverdad\/taller-de-autoconocimiento-y-autosanacion-i\/\">taller de auto conocimiento<\/a> y <a href=\"https:\/\/zocalo.cl\/enamoralaverdad\/talleres\/taller-honrando-a-mis-ancestros\/\">taller de reconocimiento de ancestros<\/a>. Con muchos de esos alumnos forjamos lazos de amistad, y trabajamos en conjunto por el desarrollo de nuestra conciencia: son los brujis. Tenemos una bella comunidad de apoyo que funciona por whatsapp, mail y una que otra junta. Y un grupo de pr\u00e1ctica meditativa, con quienes aprendieron en mi taller.<\/p>\n<p>El a\u00f1o 2019, mirando a Greta Thunberg, descubr\u00ed que soy autista. Un a\u00f1o despu\u00e9s me evalu\u00e9 formalmente. Este dato me ha ha hecho resignificar mi vida entera, ahora todo calza, toda mi historia, mi manera de percibir, mi habilidad para ver las capas de la mente. Tambi\u00e9n soy de mente dispersa -esa que le dicen TDAH, y altas capacidades, AACC-, soy neurodivergente de triple excepcionalidad. Hoy acostumbro decir: Por fin soy yo!<\/p>\n<p>El 2021 parti\u00f3 uno de mis adorados maestros zen gatunos -Domin\u00f3-, el que se me cruz\u00f3 cuando estaba preparando mi consulta para atender. Siempre supe que cuando \u00e9l partiera algo iba a cambiar en mi quehacer&#8230; y as\u00ed fue. Si bien desde ni\u00f1a que comunico con animales no humanos, y les hago sanaci\u00f3n desde que aprend\u00ed a hacerlo, no me hab\u00eda dedicado abiertamente a ellos. Ahora s\u00ed, aplico todo lo aprendido en animales no humanos, en sanaciones, <a href=\"https:\/\/zocalo.cl\/enamoralaverdad\/doula-del-alma-animal\/\" target=\"_blank\" rel=\"noopener\">acompa\u00f1amiento del \u00faltimo tiempo en la tierra<\/a>, y con <a href=\"https:\/\/zocalo.cl\/enamoralaverdad\/companeros-no-humanos-perdidos\/\" target=\"_blank\" rel=\"noopener\">perdidos<\/a>&#8230; adem\u00e1s de seguir trabajando con nosotros los animales humanos.<\/p>\n<p>Puedes pedir hora para una sesi\u00f3n al +569 87695497 (atiendo con hora agendada previamente).<\/p>\n<p>Esta soy yo: ngg_shortcode_0_placeholder<\/p>","protected":false},"excerpt":{"rendered":"<p>Mi nombre es Ver\u00f3nica Guajardo Rives. Desde peque\u00f1a que he sentido una curiosidad e inclinaci\u00f3n natural hacia el desarrollo y despertar de la conciencia y hacia los animales no humanos. He recorrido un largo camino de m\u00e1s de 30 a\u00f1os, desde que un libro para calcular cartas astrales me borr\u00f3 las certezas cient\u00edficas de un [&hellip;]<\/p>\n","protected":false},"author":1,"featured_media":0,"parent":0,"menu_order":6,"comment_status":"closed","ping_status":"closed","template":"","meta":{"site-container-style":"default","site-container-layout":"default","site-sidebar-layout":"default","disable-article-header":"default","disable-site-header":"default","disable-site-footer":"default","disable-content-area-spacing":"default","ngg_post_thumbnail":0,"_joinchat":[],"footnotes":""},"class_list":["post-35","page","type-page","status-publish","hentry"],"_links":{"self":[{"href":"https:\/\/zocalo.cl\/enamoralaverdad\/wp-json\/wp\/v2\/pages\/35","targetHints":{"allow":["GET"]}}],"collection":[{"href":"https:\/\/zocalo.cl\/enamoralaverdad\/wp-json\/wp\/v2\/pages"}],"about":[{"href":"https:\/\/zocalo.cl\/enamoralaverdad\/wp-json\/wp\/v2\/types\/page"}],"author":[{"embeddable":true,"href":"https:\/\/zocalo.cl\/enamoralaverdad\/wp-json\/wp\/v2\/users\/1"}],"replies":[{"embeddable":true,"href":"https:\/\/zocalo.cl\/enamoralaverdad\/wp-json\/wp\/v2\/comments?post=35"}],"version-history":[{"count":0,"href":"https:\/\/zocalo.cl\/enamoralaverdad\/wp-json\/wp\/v2\/pages\/35\/revisions"}],"wp:attachment":[{"href":"https:\/\/zocalo.cl\/enamoralaverdad\/wp-json\/wp\/v2\/media?parent=35"}],"curies":[{"name":"wp","href":"https:\/\/api.w.org\/{rel}","templated":true}]}}